{"id":4735,"date":"2015-02-03T22:55:44","date_gmt":"2015-02-03T21:55:44","guid":{"rendered":"http:\/\/martinez-tagliavia.com\/?page_id=4735"},"modified":"2025-03-26T15:32:37","modified_gmt":"2025-03-26T14:32:37","slug":"palazzo-tagliavia-s-giacomo-2","status":"publish","type":"page","link":"https:\/\/www.martinez-tagliavia.com\/fr\/palazzo-tagliavia-s-giacomo-2\/","title":{"rendered":"Palazzo Tagliavia di S. Giacomo"},"content":{"rendered":"<div class=\"wp-block-image\">\n<figure class=\"alignright\"><a href=\"http:\/\/martinez-tagliavia.com\/wp-content\/uploads\/2014\/09\/Palazzo-S.-Giacomo-Sciacca.jpg\"><img loading=\"lazy\" decoding=\"async\" width=\"211\" height=\"300\" src=\"http:\/\/martinez-tagliavia.com\/wp-content\/uploads\/2014\/09\/Palazzo-S.-Giacomo-Sciacca-211x300.jpg\" alt=\"Antica fotografia di Palazzo S.Giacomo. Si notino l'antico portone d'accesso e il giardino, dietro al muro di cinta.\" class=\"wp-image-2991\"\/><\/a><\/figure>\n<\/div>\n\n\n<p> Le&nbsp; \u00ab\u00a0Palazzo Tagliavia di San Giacomo\u00a0\u00bb est l&rsquo;ancienne r\u00e9sidence des<b> <\/b>Tagliavia di San Giacomo a Sciacca, pr\u00e9s de Agrigente.<\/p>\n\n\n\n<p>C&rsquo;est un grand et majestueux&nbsp; Palais aux grandes cariatides qui est plac\u00e9 en haut en face de la mer le long du Corso Vittorio Emanuele rue o\u00f9, dans le temps, on avait acc\u00e8s au palais par le grand portail d&rsquo;entr\u00e9e.<\/p>\n\n\n\n<p>Devant le Palais et en face de la mer il y avait un jardin au magnifique panorama, fleuri de jasmins, glycines et araucarias.<\/p>\n\n\n\n<p>&nbsp;<\/p>\n\n\n<div class=\"wp-block-image\">\n<figure class=\"alignleft\"><a href=\"http:\/\/martinez-tagliavia.com\/wp-content\/uploads\/2014\/12\/IMG-3024.jpg\"><img loading=\"lazy\" decoding=\"async\" width=\"300\" height=\"225\" src=\"http:\/\/martinez-tagliavia.com\/wp-content\/uploads\/2014\/12\/IMG-3024-300x225.jpg\" alt=\"Palazzo Tagliavia di S.Giacomo oggi\" class=\"wp-image-3027\"\/><\/a><\/figure>\n<\/div>\n\n\n<p><\/p>\n\n\n\n<p>Le Palais a eu une grande&nbsp; transformation \u00e0 partir de 1812 quand la structure du quinzi\u00e8me fut sur\u00e9lev\u00e9e et soit le plan \u00e0 l\u2019int\u00e9rieur soit l\u2019ext\u00e9rieur furent transform\u00e9s en style empire.&nbsp;<span id=\"result_box\" class=\"\" lang=\"fr\"><span class=\"hps\">La vieille tour<\/span> <span class=\"hps\">du XVe si\u00e8cle<\/span> fut<span class=\"hps\"> incorpor\u00e9<\/span> <span class=\"hps\">dans le b\u00e2timent<\/span><span class=\"\">.<\/span><\/span>&nbsp; En la m\u00eame occasion, on unifia l&rsquo;architecture de la fa\u00e7ade le long de la via Licata.<\/p>\n\n\n\n<p>&nbsp;<\/p>\n\n\n<div class=\"wp-block-image\">\n<figure class=\"alignright\"><a href=\"http:\/\/martinez-tagliavia.com\/wp-content\/uploads\/2014\/09\/IMG-0470-copia1.jpg\"><img loading=\"lazy\" decoding=\"async\" width=\"277\" height=\"300\" src=\"http:\/\/martinez-tagliavia.com\/wp-content\/uploads\/2014\/09\/IMG-0470-copia1-277x300.jpg\" alt=\"Fronte di Palazzo S.Giacomo su Piazza S. Friscia\" class=\"wp-image-3006\"\/><\/a><\/figure>\n<\/div>\n\n\n<p><\/p>\n\n\n\n<p>Le Palais Tagliavia di San Giacomo, \u00e0 l&rsquo;\u00e9poque de sa plus grande expansion, occupait une superficie tr\u00e8s vaste, de plus de 4000mq., comprise entre les rues&nbsp; Licata, Vittorio Emanuele, Piazza S. Friscia e Via Bevilacqua. Au Palais d&rsquo;origine \u00e9taient annex\u00e9es d&rsquo;autre constructions de service ou habit\u00e9es par d&rsquo;autres membres de la famille, et il avait une extension qui comprenait ausssi le \u00a0\u00bb Palazzo della Zecca- cortile Romano\u00a0\u00bb et le front en style n\u00e9o-gothique fleuri sur Piazza Friscia.<\/p>\n\n\n\n<p>Le Palais fut construit sur le cot\u00e9 de la colline, en pente, avec une d\u00e9nivellation \u00e9gale \u00e0 1 \u00e9tage. Il se \u00e9levait pour une hauteur de deux \u00e9tages habit\u00e9s en sus du rez-de-chauss\u00e9e cot\u00e9 mer, le dernier \u00e9tage qui donnait sur les toits avait un long cheminement le long des murs et une petite terrasse.&nbsp;<\/p>\n\n\n\n<p>&nbsp;<\/p>\n\n\n\n<p>&nbsp;<\/p>\n\n\n<div class=\"wp-block-image\">\n<figure class=\"alignleft\"><a href=\"http:\/\/martinez-tagliavia.com\/wp-content\/uploads\/2014\/09\/gaetano-Sciacca-scalone-di-sfondo.jpeg\"><img loading=\"lazy\" decoding=\"async\" width=\"114\" height=\"150\" src=\"http:\/\/martinez-tagliavia.com\/wp-content\/uploads\/2014\/09\/gaetano-Sciacca-scalone-di-sfondo-114x150.jpeg\" alt=\"Gaetano Martinez Tagliavia nel cortile davanti allo scalone,1960\" class=\"wp-image-3050\"\/><\/a><\/figure>\n<\/div>\n\n\n<p><\/p>\n\n\n\n<p>&nbsp;<\/p>\n\n\n<div class=\"wp-block-image\">\n<figure class=\"alignright\"><a href=\"http:\/\/martinez-tagliavia.com\/wp-content\/uploads\/2014\/09\/gaetano-Sciacca-scalone-di-sfondo-1.jpeg\"><img loading=\"lazy\" decoding=\"async\" width=\"115\" height=\"150\" src=\"http:\/\/martinez-tagliavia.com\/wp-content\/uploads\/2014\/09\/gaetano-Sciacca-scalone-di-sfondo-1-115x150.jpeg\" alt=\"Gaetano Martinez Tagliacia davanti allo scalone, 1960. \" class=\"wp-image-3053\"\/><\/a><\/figure>\n<\/div>\n\n\n<p><\/p>\n\n\n\n<p>L&rsquo;entr\u00e9e monumentale pi\u00e9tonne du Palais avec la hall et l&rsquo;escalier en marbre rouge \u00e9tait sur le Corso Vittorio Emanuele. A travers le grand escalier on pouvait rejoindre la grande cour situ\u00e9e au niveau sup\u00e9rieur; cette cour avait un autre acc\u00e8s, carrossable, sur le Via Licata.<\/p>\n\n\n\n<p>Au centre de la fa\u00e7ade interne de la cour \u00e9tait la porte d&rsquo;entr\u00e9 du \u00ab\u00a0piano nobile\u00a0\u00bb; sur la cour \u00e9taient aussi les fen\u00eatres d&rsquo;autres chambres; portes et arches donnaient acc\u00e8s aux habitations de serveurs, du cocher et aux magasins. A droite et \u00e0 gauche, sous le porche d&rsquo;entr\u00e9e, \u00e9taient les deux appartements de l&rsquo;administration et du concierge.<\/p>\n\n\n<div class=\"wp-block-image\">\n<figure class=\"alignright\"><a href=\"http:\/\/martinez-tagliavia.com\/wp-content\/uploads\/2014\/09\/IMG-7265.jpg\"><img loading=\"lazy\" decoding=\"async\" width=\"150\" height=\"112\" src=\"http:\/\/martinez-tagliavia.com\/wp-content\/uploads\/2014\/09\/IMG-7265-150x112.jpg\" alt=\"Tocchetto d'ingresso su Via Licata con gli appartamentini dell'antica  Amministrazione\" class=\"wp-image-3012\"\/><\/a><\/figure>\n<\/div>\n\n\n<p><\/p>\n\n\n\n<p>Anciennement,&nbsp; un long balcon-galerie en bois qui courait le long de du cot\u00e9 gauche de la fa\u00e7ade au premier \u00e9tage, mettait en communication les chambres sur la fa\u00e7ade principale avec une terrasse et les cuisines sur la fa\u00e7ade vis-\u00e0-vis. On pouvait rejoindre le balcon \u00e0 travers le jardin d&rsquo;hiver au coin est de la fa\u00e7ade, et encore existant biens que d\u00e9t\u00e9rior\u00e9.<\/p>\n\n\n\n<p>&nbsp;<\/p>\n\n\n<div class=\"wp-block-image\">\n<figure class=\"alignleft\"><a href=\"http:\/\/martinez-tagliavia.com\/wp-content\/uploads\/2014\/09\/SV402372-copia.jpg\"><img loading=\"lazy\" decoding=\"async\" width=\"300\" height=\"198\" src=\"http:\/\/martinez-tagliavia.com\/wp-content\/uploads\/2014\/09\/SV402372-copia-300x198.jpg\" alt=\"Particolare del prospetto di Palazzo San Giacomo\" class=\"wp-image-4162\"\/><\/a><\/figure>\n<\/div>\n\n<div class=\"wp-block-image\">\n<figure class=\"alignright\"><a href=\"http:\/\/martinez-tagliavia.com\/wp-content\/uploads\/2014\/09\/1-DSC-0072.jpg\"><img loading=\"lazy\" decoding=\"async\" width=\"150\" height=\"100\" src=\"http:\/\/martinez-tagliavia.com\/wp-content\/uploads\/2014\/09\/1-DSC-0072-150x100.jpg\" alt=\"Falchetto graffito nel giardino d'inverno e datato 1816\" class=\"wp-image-3933\"\/><\/a><\/figure>\n<\/div>\n\n\n<p>Au centre de la fa\u00e7ade, il y avait un&nbsp; portail qui s&rsquo;ouvrait sur un vaste salon d&rsquo;entr\u00e9e; sur le mur en face il \u00e9tait une fresque avec l&rsquo;arbre g\u00e9n\u00e9alogique de la Maison Tagliavia di San Giacomo.&nbsp; Au centre des salons qui se suivaient, \u00e9tait la Galerie: salon de danse et de r\u00e9ceptions, aux parois damasquin\u00e9es en rouge et les portes d\u00e9cor\u00e9es \u00e0 feuillages et festons d&rsquo;or en Style Empire; le plafond \u00e9tait d\u00e9cor\u00e9 par la grande peinture de l&rsquo;<a href=\"http:\/\/www.antiqua.mi.it\/A_Aurora_GuidoReni.htm\" target=\"_blank\" rel=\"noopener\">Aurore<\/a> , copie de Guido Reni. Touts les salons avaient des portes-fenetres qui s&rsquo;ouvraient sur un long balcon regardant la mer, encore existant,&nbsp; que la tradition veut \u00eatre le plus long de la Sicile. <\/p>\n\n\n\n<p>Il y avait apr\u00e9s une tr\u00e8s belle et renomm\u00e9e galerie de tableaux, la \u00ab\u00a0Quadreria\u00a0\u00bb: deux salons aux murs totalement recouverts de tableaux, qui pr\u00e9c\u00e9daient la Chapelle n\u00e9oclassique situ\u00e9 \u00e0 l\u2019extr\u00e9mit\u00e9 est du Palais, encore existante.<\/p>\n\n\n\n<p>A l&rsquo;\u00e9tage sup\u00e9rieur \u00e9taient les chambres priv\u00e9es de la famille.<\/p>\n\n\n\n<p>Suite \u00e0 la division h\u00e9r\u00e9ditaire entre les s\u0153urs Giuseppina e Maria Carmela Tagliavia, filles du dernier Marquis de San Giacomo Don Antonino qui \u00e9tait mort \u00e0 29 ans, le Palais fut divis\u00e9 en 2 parties vers 1960; on op\u00e9ra une coupure moyenne et laissant le Salon de l&rsquo;Aurore que l&rsquo;on consid\u00e9rait non-divisible \u00e0 la partie droite,&nbsp;Ouest, de la nouvelle propri\u00e9t\u00e9. La partie de la Baronne Maria Carmela Martinez Tagliavia di S.Giacomo resta \u00e0 l&rsquo;Est.<\/p>\n\n\n\n<p>&nbsp;<\/p>\n\n\n<div class=\"wp-block-image\">\n<figure class=\"alignleft\"><a href=\"http:\/\/martinez-tagliavia.com\/wp-content\/uploads\/2014\/09\/IMG-7269-e1417819647728.jpg\"><img loading=\"lazy\" decoding=\"async\" width=\"300\" height=\"225\" src=\"http:\/\/martinez-tagliavia.com\/wp-content\/uploads\/2014\/09\/IMG-7269-300x225.jpg\" alt=\"Parte Est del Cortile di Palazzo S.Giacomo, Sciacca.\" class=\"wp-image-3015\"\/><\/a><\/figure>\n<\/div>\n\n\n<p>Les insens\u00e9es transformations de la moiti\u00e9 Ouest du Palais survenues \u00e0 la suite de ult\u00e9rieures divisions h\u00e9r\u00e9ditaires et de ventes, ont h\u00e9las&nbsp; <span id=\"result_box\" class=\"\" lang=\"fr\"><span class=\"hps\">endommag\u00e9<\/span> <span class=\"hps\">de mani\u00e8re irr\u00e9versible<\/span> <span class=\"hps\">l&rsquo;ancienne construction<\/span>, <span class=\"hps\">d\u00e9membr\u00e9<\/span> <span class=\"hps\">l&rsquo;ancienne propri\u00e9t\u00e9<\/span> <span class=\"hps\">et&nbsp; fauss\u00e9<\/span> <span class=\"hps\">la structure avec de nouvelles \u00e9l\u00e9vations,<\/span> et <span class=\"hps\">vid\u00e9<\/span><span class=\"hps\"> totalement les salons \u00e0 l&rsquo;int\u00e9rieur en abattant les plafonds.<br><\/span><\/span><\/p>\n\n\n\n<p>Le grand salon de l&rsquo;Aurore fut lui-m\u00eame totalement&nbsp; d\u00e9truit: dans la volum\u00e9trie des salons on obtint deux appartements, dont le sup\u00e9rieur aveugle et sans fen\u00eatres. De l&rsquo;ancien salon il reste maintenant quelque porte e les volets des fen\u00eatres d\u00e9cor\u00e9s en or qui t\u00e9moignent aujourd&rsquo;hui le raffinement des d\u00e9corations. &nbsp;<\/p>\n\n\n\n<p>Heureusement, en <span id=\"result_box\" class=\"\" lang=\"fr\"><span class=\"hps\">ces bouleversements<\/span>, <span class=\"hps\">la fa\u00e7ade principale<\/span> <span class=\"hps\">sur le Corso<\/span> <span class=\"hps\">Vittorio<\/span> <span class=\"hps\">Emanuele<\/span> est <span class=\"hps\">demeur\u00e9e intacte m\u00eame si<\/span> <span class=\"hps\">la<\/span> <span class=\"hps\">hall d&rsquo;entr\u00e9e de<\/span> <span class=\"hps\">la porte principale<\/span> <span class=\"hps\">a<\/span> <span class=\"hps\">\u00e9t\u00e9 transform\u00e9e en<\/span> <span class=\"hps\">un magasin<\/span>, ainsi <span class=\"hps\">comme<\/span> <span class=\"hps\">l&rsquo;<\/span><span class=\"hps\">escalier d&rsquo;acc\u00e8s en marbre rouge<\/span> <span class=\"hps\">du<\/span> <span class=\"hps\">Corso<\/span> <span class=\"hps\">Vittorio<\/span> <span class=\"hps\">Emanuele, qui a \u00e9t\u00e9 d\u00e9truit<\/span>.<\/span> L&rsquo;ancienne court interne du Palais S.Giacomo,&nbsp;<span id=\"result_box\" class=\"\" lang=\"fr\"><span class=\"hps\">aujourd&rsquo;hui est devenue<\/span> <span class=\"hps\">une cour commune<\/span> <span class=\"hps\">avec acc\u00e8s sur<\/span> <span class=\"hps\">Via<\/span> <span class=\"hps\">Licata<\/span>; <span class=\"hps\">la moiti\u00e9 droite Ouest de<\/span> <span class=\"hps\">la fa\u00e7ade sur la cour<\/span> <span class=\"hps\">a \u00e9t\u00e9<\/span> <span class=\"hps\">compl\u00e8tement modifi\u00e9 <\/span><span class=\"hps\">et sur-\u00e9lev\u00e9<\/span> <span class=\"hps\">avec la construction<\/span> <span class=\"hps\">de plusieurs appartements<\/span> <span class=\"hps\">et elle a<\/span> maintenant <span class=\"hps\">l&rsquo;aspect d&rsquo;une<\/span> <span class=\"hps\">copropri\u00e9t\u00e9<\/span> <span class=\"hps\">moderne<\/span> <span class=\"hps\">anonyme.<\/span><\/span> <span id=\"result_box\" class=\"\" lang=\"fr\"><span class=\"hps\">Le c\u00f4t\u00e9 gauche<\/span> est au contraire <span class=\"hps\">rest\u00e9<\/span> <span class=\"hps\">avec son vieux<\/span> <span class=\"hps\">d\u00e9labr\u00e9<\/span> aspect <span class=\"hps\">n\u00e9oclassique<\/span>: <span class=\"hps\">le contraste<\/span> <span class=\"hps\">est<\/span> <span class=\"hps\">strident.<\/span><\/span><\/p>\n\n\n<div class=\"wp-block-image\">\n<figure class=\"alignright\"><a href=\"http:\/\/martinez-tagliavia.com\/wp-content\/uploads\/2014\/09\/villa-di-Sciacca-circa-1955-Eugenia-Gaetano-Giovannella.jpeg\"><img loading=\"lazy\" decoding=\"async\" width=\"204\" height=\"300\" src=\"http:\/\/martinez-tagliavia.com\/wp-content\/uploads\/2014\/09\/villa-di-Sciacca-circa-1955-Eugenia-Gaetano-Giovannella-204x300.jpeg\" alt=\"Eugenia, Gaetano e Giovannella Martinez Tagliavia di S.Giacomo nella villa. 1955 circa\" class=\"wp-image-3047\"\/><\/a><\/figure>\n<\/div>\n\n\n<p><\/p>\n\n\n\n<p><span id=\"result_box\" class=\"\" lang=\"fr\"><span class=\"hps\">Il a \u00e9t\u00e9 aussi d\u00e9truit<\/span> <span class=\"hps\">le grand jardin<\/span> <span class=\"hps\">donnant sur la mer<\/span> qui <span class=\"hps\">jusqu&rsquo;aux<\/span> <span class=\"hps\">ann\u00e9es 1960<\/span> <span class=\"hps\">s&rsquo;\u00e9tendait<\/span> <span class=\"hps\">devant<\/span> <span class=\"hps\">le Palais<\/span> <span class=\"hps\">et dont<\/span> <span class=\"hps\">il nous restent de vieilles photos de famille et des photos<\/span> <span class=\"hps\">du<\/span> <span class=\"hps\">pavillon chinois;&nbsp;<\/span> <span class=\"hps\">\u00e0 sa place<\/span> <span class=\"hps\">maintenant surgissent deux<\/span> hautes immeubles modernes.<\/span><\/p>\n\n\n<div class=\"wp-block-image\">\n<figure class=\"alignleft\"><a href=\"http:\/\/martinez-tagliavia.com\/wp-content\/uploads\/2014\/09\/IMG-7232.jpg\"><img loading=\"lazy\" decoding=\"async\" width=\"225\" height=\"300\" src=\"http:\/\/martinez-tagliavia.com\/wp-content\/uploads\/2014\/09\/IMG-7232-225x300.jpg\" alt=\"L'altare della Cappella di Palazzo S.Giacomo\" class=\"wp-image-3024\"\/><\/a><\/figure>\n<\/div>\n\n\n<p><\/p>\n\n\n\n<p>&nbsp;<\/p>\n\n\n\n<p class=\"size-medium wp-image-3024\"><span id=\"result_box\" class=\"\" lang=\"fr\"><span class=\"hps\">Actuellement, seul le<\/span> <span class=\"hps\">c\u00f4t\u00e9 gauche de<\/span> <span class=\"hps\">la cour<\/span> <span class=\"hps\">et du b\u00e2timent<\/span> <span class=\"hps\">appartiennent toujours<\/span> <span class=\"hps\">aux<\/span> <span class=\"hps\">Barons<\/span> <span class=\"hps\">Martinez<\/span> <span class=\"hps\">Tagliavia<\/span> di S. Giacomo h\u00e9ritiers <span class=\"hps\">de<\/span> la Baronne <span class=\"hps\">Maria<\/span> <span class=\"hps\">Carmela; ils<\/span> <span class=\"hps\">conservent<\/span> <span class=\"hps\">donc<\/span> <span class=\"hps\">l&rsquo;aspect<\/span> <span class=\"hps\">et la structure<\/span> <span class=\"hps\">de la vieille construction<\/span>.<\/span> <span id=\"result_box\" class=\"\" lang=\"fr\"><span class=\"hps\">M\u00eame<\/span> les <span class=\"hps\">int\u00e9rieur <\/span><span class=\"hps\">de cette partie<\/span> <span class=\"hps\">sont<\/span> <span class=\"hps\">toujours les originaux<\/span>, <span class=\"hps\">les seules rest\u00e9s de<\/span> <span class=\"hps\">la structure enti\u00e8re<\/span> <span class=\"hps\">du palais<\/span>; <span class=\"hps\">est \u00e9galement<\/span> <span class=\"hps\">pr\u00e9serv\u00e9<\/span> <span class=\"hps\">la Chapelle<\/span> aux<span class=\"hps\"> stucs<\/span> <span class=\"hps\">du<\/span> <span class=\"hps\">d\u00e9but du XIXe si\u00e8cle<\/span>, <span class=\"hps\">o\u00f9<\/span> <span class=\"hps\">se sont mari\u00e9s<\/span> <span class=\"hps\">et<\/span> ont \u00e9t\u00e9 <span class=\"hps\">baptis\u00e9s<\/span> <span class=\"hps\">les derni\u00e8res g\u00e9n\u00e9rations de<\/span> <span class=\"hps\">la Maison.<\/span> <\/span><\/p>\n\n\n\n<p class=\"size-medium wp-image-3024\"><span id=\"result_box\" class=\"\" lang=\"fr\"><span class=\"hps\">Remarquable<\/span> <span class=\"hps\">est l&rsquo;archive<\/span> <span class=\"hps\">qui y est conserv\u00e9<\/span>, <span class=\"hps\">dont les volumes<\/span><span class=\"hps\"> de<\/span> <span class=\"hps\">1200<\/span> arrivent <span class=\"hps\">\u00e0 nos jours<\/span>.&nbsp;<span class=\"hps\">Pr\u00e9serv\u00e9<\/span><span class=\"hps\"> aussi une bonne partie du<\/span> <span class=\"hps\">mobilier<\/span> <span class=\"hps\">et les m\u00e9moires<\/span> <span class=\"hps\">de la famille<\/span>, y compris le <span class=\"hps\">remarquable<\/span> \u00ab\u00a0<span class=\"hps\">Quadrone\u00a0\u00bb<\/span> d<span class=\"hps\">&lsquo;autel<\/span> <span class=\"hps atn\">de <\/span>milieu &lsquo;<span class=\"hps\">500<\/span> <span class=\"hps atn\">repr\u00e9sentant Saint-<\/span>Jacques <span class=\"hps\">sign\u00e9e par<\/span> <span class=\"hps\">Giuseppe<\/span> <span class=\"hps\">Alvino<\/span>, provenant <span class=\"hps\">de la Chapelle<\/span> <span class=\"hps\">de Saint-Jacques<\/span> <span class=\"hps atn\">\u00e0 c\u00f4t\u00e9 de l&rsquo;<\/span>\u00e9glise de <strong><a href=\"http:\/\/sciaccaunavolta.altervista.org\/piazza-angelo-scandaliato\/\" target=\"_blank\" rel=\"noopener\">Chiesa di S. Domenico al Piano<\/a><\/strong>, <span class=\"hps\">aujourd&rsquo;hui d\u00e9moli<\/span>e<span class=\"hps\">.<\/span>&nbsp;<\/span><\/p>\n\n\n<div class=\"wp-block-image\">\n<figure class=\"aligncenter\"><a href=\"http:\/\/martinez-tagliavia.com\/wp-content\/uploads\/2014\/09\/Guido-Reni-008-e1423011872702.jpg\"><img loading=\"lazy\" decoding=\"async\" width=\"300\" height=\"119\" src=\"http:\/\/martinez-tagliavia.com\/wp-content\/uploads\/2014\/09\/Guido-Reni-008-300x119.jpg\" alt=\"Guido Reni, l'Aurora\" class=\"wp-image-4744\"\/><\/a><\/figure>\n<\/div>\n\n\n<p class=\"size-medium wp-image-3024\"><\/p>\n\n\n\n<div style=\"height:50px\" aria-hidden=\"true\" class=\"wp-block-spacer\"><\/div>\n\n\n\n<figure class=\"wp-block-gallery has-nested-images columns-5 is-cropped wp-block-gallery-1 is-layout-flex wp-block-gallery-is-layout-flex\">\n<figure class=\"wp-block-image size-large\"><a href=\"https:\/\/martinez-tagliavia.com\/wp-content\/uploads\/2014\/12\/08-11-08-1035-trofeo-sciacca-e1426636425370.jpg\"><img loading=\"lazy\" decoding=\"async\" width=\"768\" height=\"1024\" data-id=\"4045\" src=\"https:\/\/martinez-tagliavia.com\/wp-content\/uploads\/2014\/12\/08-11-08-1035-trofeo-sciacca-768x1024.jpg\" alt=\"\" class=\"wp-image-4045\"\/><\/a><\/figure>\n\n\n\n<figure class=\"wp-block-image size-large\"><a href=\"https:\/\/martinez-tagliavia.com\/wp-content\/uploads\/2014\/10\/DSC-0043-e1426632911387.jpg\"><img loading=\"lazy\" decoding=\"async\" width=\"1024\" height=\"947\" data-id=\"4102\" src=\"https:\/\/martinez-tagliavia.com\/wp-content\/uploads\/2014\/10\/DSC-0043-1024x947.jpg\" alt=\"\" class=\"wp-image-4102\"\/><\/a><\/figure>\n\n\n\n<figure class=\"wp-block-image size-large\"><a href=\"https:\/\/martinez-tagliavia.com\/wp-content\/uploads\/2014\/12\/SV402373-foto-finale-sfinge-e1426706446394.jpg\"><img loading=\"lazy\" decoding=\"async\" width=\"1024\" height=\"677\" data-id=\"3036\" src=\"https:\/\/martinez-tagliavia.com\/wp-content\/uploads\/2014\/12\/SV402373-foto-finale-sfinge-1024x677.jpg\" alt=\"\" class=\"wp-image-3036\"\/><\/a><\/figure>\n\n\n\n<figure class=\"wp-block-image size-large\"><a href=\"https:\/\/martinez-tagliavia.com\/wp-content\/uploads\/2014\/09\/IMG-3020-e1426636141463.jpg\"><img loading=\"lazy\" decoding=\"async\" width=\"1024\" height=\"768\" data-id=\"4130\" src=\"https:\/\/martinez-tagliavia.com\/wp-content\/uploads\/2014\/09\/IMG-3020-1024x768.jpg\" alt=\"\" class=\"wp-image-4130\"\/><\/a><\/figure>\n\n\n\n<figure class=\"wp-block-image size-large\"><a href=\"https:\/\/martinez-tagliavia.com\/wp-content\/uploads\/2014\/09\/IMG-7254-e1426636119189.jpg\"><img loading=\"lazy\" decoding=\"async\" width=\"768\" height=\"1024\" data-id=\"4133\" src=\"https:\/\/martinez-tagliavia.com\/wp-content\/uploads\/2014\/09\/IMG-7254-768x1024.jpg\" alt=\"\" class=\"wp-image-4133\"\/><\/a><\/figure>\n\n\n\n<figure class=\"wp-block-image size-large\"><a href=\"https:\/\/martinez-tagliavia.com\/wp-content\/uploads\/2014\/09\/DSC-0094-e1426636096976.jpg\"><img loading=\"lazy\" decoding=\"async\" width=\"1024\" height=\"682\" data-id=\"4136\" src=\"https:\/\/martinez-tagliavia.com\/wp-content\/uploads\/2014\/09\/DSC-0094-1024x682.jpg\" alt=\"\" class=\"wp-image-4136\"\/><\/a><\/figure>\n\n\n\n<figure class=\"wp-block-image size-large\"><a href=\"https:\/\/martinez-tagliavia.com\/wp-content\/uploads\/2014\/09\/DSC-0037-e1426636072419.jpg\"><img loading=\"lazy\" decoding=\"async\" width=\"1024\" height=\"682\" data-id=\"4139\" src=\"https:\/\/martinez-tagliavia.com\/wp-content\/uploads\/2014\/09\/DSC-0037-1024x682.jpg\" alt=\"\" class=\"wp-image-4139\"\/><\/a><\/figure>\n\n\n\n<figure class=\"wp-block-image size-large\"><a href=\"https:\/\/martinez-tagliavia.com\/wp-content\/uploads\/2014\/09\/DSC-0047-e1426636026854.jpg\"><img loading=\"lazy\" decoding=\"async\" width=\"1024\" height=\"682\" data-id=\"4152\" src=\"https:\/\/martinez-tagliavia.com\/wp-content\/uploads\/2014\/09\/DSC-0047-1024x682.jpg\" alt=\"\" class=\"wp-image-4152\"\/><\/a><\/figure>\n\n\n\n<figure class=\"wp-block-image size-large\"><a href=\"https:\/\/martinez-tagliavia.com\/wp-content\/uploads\/2014\/09\/IMG00165-20120525-1958-e1426634440281.jpg\"><img loading=\"lazy\" decoding=\"async\" width=\"1024\" height=\"768\" data-id=\"5857\" src=\"https:\/\/martinez-tagliavia.com\/wp-content\/uploads\/2014\/09\/IMG00165-20120525-1958-1024x768.jpg\" alt=\"\" class=\"wp-image-5857\"\/><\/a><\/figure>\n<\/figure>\n\n\n\n<p class=\"size-medium wp-image-3024\"><\/p>\n","protected":false},"excerpt":{"rendered":"<p>Le&nbsp; \u00ab\u00a0Palazzo Tagliavia di San Giacomo\u00a0\u00bb est l&rsquo;ancienne r\u00e9sidence des Tagliavia di San Giacomo a Sciacca, pr\u00e9s de Agrigente. C&rsquo;est un grand et majestueux&nbsp; Palais aux grandes cariatides qui est plac\u00e9 en haut en face de la mer le long du Corso Vittorio Emanuele rue o\u00f9, dans le temps, on avait acc\u00e8s au palais par [&hellip;]<\/p>\n","protected":false},"author":2,"featured_media":0,"parent":0,"menu_order":15,"comment_status":"closed","ping_status":"closed","template":"","meta":{"footnotes":""},"class_list":["post-4735","page","type-page","status-publish","hentry"],"featured_image_src":null,"yoast_head":"<!-- This site is optimized with the Yoast SEO plugin v27.5 - https:\/\/yoast.com\/product\/yoast-seo-wordpress\/ -->\n<title>Palazzo Tagliavia di S. Giacomo - Martinez Tagliavia - Demeures historiques \u00e0 Palerme - Italie<\/title>\n<meta name=\"robots\" content=\"index, follow, max-snippet:-1, max-image-preview:large, max-video-preview:-1\" \/>\n<link rel=\"canonical\" href=\"https:\/\/www.martinez-tagliavia.com\/palazzo-tagliavia-san-giacomo\/\" \/>\n<meta property=\"og:locale\" content=\"fr_FR\" \/>\n<meta property=\"og:type\" content=\"article\" \/>\n<meta property=\"og:title\" content=\"Palazzo Tagliavia di S. Giacomo - Martinez Tagliavia - Demeures historiques \u00e0 Palerme - Italie\" \/>\n<meta property=\"og:description\" content=\"Le&nbsp; \u00ab\u00a0Palazzo Tagliavia di San Giacomo\u00a0\u00bb est l&rsquo;ancienne r\u00e9sidence des Tagliavia di San Giacomo a Sciacca, pr\u00e9s de Agrigente. C&rsquo;est un grand et majestueux&nbsp; Palais aux grandes cariatides qui est plac\u00e9 en haut en face de la mer le long du Corso Vittorio Emanuele rue o\u00f9, dans le temps, on avait acc\u00e8s au palais par [&hellip;]\" \/>\n<meta property=\"og:url\" content=\"https:\/\/www.martinez-tagliavia.com\/palazzo-tagliavia-san-giacomo\/\" \/>\n<meta property=\"og:site_name\" content=\"Martinez Tagliavia - Demeures historiques \u00e0 Palerme - Italie\" \/>\n<meta property=\"article:modified_time\" content=\"2025-03-26T14:32:37+00:00\" \/>\n<meta property=\"og:image\" content=\"http:\/\/martinez-tagliavia.com\/wp-content\/uploads\/2014\/09\/Palazzo-S.-Giacomo-Sciacca-211x300.jpg\" \/>\n<meta name=\"twitter:card\" content=\"summary_large_image\" \/>\n<meta name=\"twitter:label1\" content=\"Dur\u00e9e de lecture estim\u00e9e\" \/>\n\t<meta name=\"twitter:data1\" content=\"10 minutes\" \/>\n<script type=\"application\/ld+json\" class=\"yoast-schema-graph\">{\"@context\":\"https:\\\/\\\/schema.org\",\"@graph\":[{\"@type\":\"WebPage\",\"@id\":\"https:\\\/\\\/www.martinez-tagliavia.com\\\/palazzo-tagliavia-san-giacomo\\\/\",\"url\":\"https:\\\/\\\/www.martinez-tagliavia.com\\\/palazzo-tagliavia-san-giacomo\\\/\",\"name\":\"Palazzo Tagliavia di S. Giacomo - Martinez Tagliavia - Demeures historiques \u00e0 Palerme - Italie\",\"isPartOf\":{\"@id\":\"https:\\\/\\\/www.martinez-tagliavia.com\\\/#website\"},\"primaryImageOfPage\":{\"@id\":\"https:\\\/\\\/www.martinez-tagliavia.com\\\/palazzo-tagliavia-san-giacomo\\\/#primaryimage\"},\"image\":{\"@id\":\"https:\\\/\\\/www.martinez-tagliavia.com\\\/palazzo-tagliavia-san-giacomo\\\/#primaryimage\"},\"thumbnailUrl\":\"http:\\\/\\\/martinez-tagliavia.com\\\/wp-content\\\/uploads\\\/2014\\\/09\\\/Palazzo-S.-Giacomo-Sciacca-211x300.jpg\",\"datePublished\":\"2015-02-03T21:55:44+00:00\",\"dateModified\":\"2025-03-26T14:32:37+00:00\",\"breadcrumb\":{\"@id\":\"https:\\\/\\\/www.martinez-tagliavia.com\\\/palazzo-tagliavia-san-giacomo\\\/#breadcrumb\"},\"inLanguage\":\"fr-FR\",\"potentialAction\":[{\"@type\":\"ReadAction\",\"target\":[\"https:\\\/\\\/www.martinez-tagliavia.com\\\/palazzo-tagliavia-san-giacomo\\\/\"]}]},{\"@type\":\"ImageObject\",\"inLanguage\":\"fr-FR\",\"@id\":\"https:\\\/\\\/www.martinez-tagliavia.com\\\/palazzo-tagliavia-san-giacomo\\\/#primaryimage\",\"url\":\"http:\\\/\\\/martinez-tagliavia.com\\\/wp-content\\\/uploads\\\/2014\\\/09\\\/Palazzo-S.-Giacomo-Sciacca-211x300.jpg\",\"contentUrl\":\"http:\\\/\\\/martinez-tagliavia.com\\\/wp-content\\\/uploads\\\/2014\\\/09\\\/Palazzo-S.-Giacomo-Sciacca-211x300.jpg\"},{\"@type\":\"BreadcrumbList\",\"@id\":\"https:\\\/\\\/www.martinez-tagliavia.com\\\/palazzo-tagliavia-san-giacomo\\\/#breadcrumb\",\"itemListElement\":[{\"@type\":\"ListItem\",\"position\":1,\"name\":\"Home\",\"item\":\"https:\\\/\\\/www.martinez-tagliavia.com\\\/\"},{\"@type\":\"ListItem\",\"position\":2,\"name\":\"Palazzo Tagliavia di S. Giacomo\"}]},{\"@type\":\"WebSite\",\"@id\":\"https:\\\/\\\/www.martinez-tagliavia.com\\\/#website\",\"url\":\"https:\\\/\\\/www.martinez-tagliavia.com\\\/\",\"name\":\"Martinez Tagliavia - Demeures historiques \u00e0 Palerme - Italie\",\"description\":\"\",\"potentialAction\":[{\"@type\":\"SearchAction\",\"target\":{\"@type\":\"EntryPoint\",\"urlTemplate\":\"https:\\\/\\\/www.martinez-tagliavia.com\\\/?s={search_term_string}\"},\"query-input\":{\"@type\":\"PropertyValueSpecification\",\"valueRequired\":true,\"valueName\":\"search_term_string\"}}],\"inLanguage\":\"fr-FR\"}]}<\/script>\n<!-- \/ Yoast SEO plugin. -->","yoast_head_json":{"title":"Palazzo Tagliavia di S. Giacomo - Martinez Tagliavia - Demeures historiques \u00e0 Palerme - Italie","robots":{"index":"index","follow":"follow","max-snippet":"max-snippet:-1","max-image-preview":"max-image-preview:large","max-video-preview":"max-video-preview:-1"},"canonical":"https:\/\/www.martinez-tagliavia.com\/palazzo-tagliavia-san-giacomo\/","og_locale":"fr_FR","og_type":"article","og_title":"Palazzo Tagliavia di S. Giacomo - Martinez Tagliavia - Demeures historiques \u00e0 Palerme - Italie","og_description":"Le&nbsp; \u00ab\u00a0Palazzo Tagliavia di San Giacomo\u00a0\u00bb est l&rsquo;ancienne r\u00e9sidence des Tagliavia di San Giacomo a Sciacca, pr\u00e9s de Agrigente. C&rsquo;est un grand et majestueux&nbsp; Palais aux grandes cariatides qui est plac\u00e9 en haut en face de la mer le long du Corso Vittorio Emanuele rue o\u00f9, dans le temps, on avait acc\u00e8s au palais par [&hellip;]","og_url":"https:\/\/www.martinez-tagliavia.com\/palazzo-tagliavia-san-giacomo\/","og_site_name":"Martinez Tagliavia - Demeures historiques \u00e0 Palerme - Italie","article_modified_time":"2025-03-26T14:32:37+00:00","og_image":[{"url":"http:\/\/martinez-tagliavia.com\/wp-content\/uploads\/2014\/09\/Palazzo-S.-Giacomo-Sciacca-211x300.jpg","type":"","width":"","height":""}],"twitter_card":"summary_large_image","twitter_misc":{"Dur\u00e9e de lecture estim\u00e9e":"10 minutes"},"schema":{"@context":"https:\/\/schema.org","@graph":[{"@type":"WebPage","@id":"https:\/\/www.martinez-tagliavia.com\/palazzo-tagliavia-san-giacomo\/","url":"https:\/\/www.martinez-tagliavia.com\/palazzo-tagliavia-san-giacomo\/","name":"Palazzo Tagliavia di S. Giacomo - Martinez Tagliavia - Demeures historiques \u00e0 Palerme - Italie","isPartOf":{"@id":"https:\/\/www.martinez-tagliavia.com\/#website"},"primaryImageOfPage":{"@id":"https:\/\/www.martinez-tagliavia.com\/palazzo-tagliavia-san-giacomo\/#primaryimage"},"image":{"@id":"https:\/\/www.martinez-tagliavia.com\/palazzo-tagliavia-san-giacomo\/#primaryimage"},"thumbnailUrl":"http:\/\/martinez-tagliavia.com\/wp-content\/uploads\/2014\/09\/Palazzo-S.-Giacomo-Sciacca-211x300.jpg","datePublished":"2015-02-03T21:55:44+00:00","dateModified":"2025-03-26T14:32:37+00:00","breadcrumb":{"@id":"https:\/\/www.martinez-tagliavia.com\/palazzo-tagliavia-san-giacomo\/#breadcrumb"},"inLanguage":"fr-FR","potentialAction":[{"@type":"ReadAction","target":["https:\/\/www.martinez-tagliavia.com\/palazzo-tagliavia-san-giacomo\/"]}]},{"@type":"ImageObject","inLanguage":"fr-FR","@id":"https:\/\/www.martinez-tagliavia.com\/palazzo-tagliavia-san-giacomo\/#primaryimage","url":"http:\/\/martinez-tagliavia.com\/wp-content\/uploads\/2014\/09\/Palazzo-S.-Giacomo-Sciacca-211x300.jpg","contentUrl":"http:\/\/martinez-tagliavia.com\/wp-content\/uploads\/2014\/09\/Palazzo-S.-Giacomo-Sciacca-211x300.jpg"},{"@type":"BreadcrumbList","@id":"https:\/\/www.martinez-tagliavia.com\/palazzo-tagliavia-san-giacomo\/#breadcrumb","itemListElement":[{"@type":"ListItem","position":1,"name":"Home","item":"https:\/\/www.martinez-tagliavia.com\/"},{"@type":"ListItem","position":2,"name":"Palazzo Tagliavia di S. Giacomo"}]},{"@type":"WebSite","@id":"https:\/\/www.martinez-tagliavia.com\/#website","url":"https:\/\/www.martinez-tagliavia.com\/","name":"Martinez Tagliavia - Demeures historiques \u00e0 Palerme - Italie","description":"","potentialAction":[{"@type":"SearchAction","target":{"@type":"EntryPoint","urlTemplate":"https:\/\/www.martinez-tagliavia.com\/?s={search_term_string}"},"query-input":{"@type":"PropertyValueSpecification","valueRequired":true,"valueName":"search_term_string"}}],"inLanguage":"fr-FR"}]}},"_links":{"self":[{"href":"https:\/\/www.martinez-tagliavia.com\/fr\/wp-json\/wp\/v2\/pages\/4735","targetHints":{"allow":["GET"]}}],"collection":[{"href":"https:\/\/www.martinez-tagliavia.com\/fr\/wp-json\/wp\/v2\/pages"}],"about":[{"href":"https:\/\/www.martinez-tagliavia.com\/fr\/wp-json\/wp\/v2\/types\/page"}],"author":[{"embeddable":true,"href":"https:\/\/www.martinez-tagliavia.com\/fr\/wp-json\/wp\/v2\/users\/2"}],"replies":[{"embeddable":true,"href":"https:\/\/www.martinez-tagliavia.com\/fr\/wp-json\/wp\/v2\/comments?post=4735"}],"version-history":[{"count":2,"href":"https:\/\/www.martinez-tagliavia.com\/fr\/wp-json\/wp\/v2\/pages\/4735\/revisions"}],"predecessor-version":[{"id":8417,"href":"https:\/\/www.martinez-tagliavia.com\/fr\/wp-json\/wp\/v2\/pages\/4735\/revisions\/8417"}],"wp:attachment":[{"href":"https:\/\/www.martinez-tagliavia.com\/fr\/wp-json\/wp\/v2\/media?parent=4735"}],"curies":[{"name":"wp","href":"https:\/\/api.w.org\/{rel}","templated":true}]}}